{"id":283,"date":"2011-11-01T19:19:34","date_gmt":"2011-11-01T17:19:34","guid":{"rendered":"http:\/\/birgits-blog.net\/?page_id=283"},"modified":"2012-04-21T02:57:07","modified_gmt":"2012-04-21T00:57:07","slug":"wer-ist-das-eigentlich","status":"publish","type":"page","link":"http:\/\/birgits-blog.net\/?page_id=283","title":{"rendered":"Wer ist das eigentlich?"},"content":{"rendered":"<p>Ich wei\u00df nicht, wie es euch geht, aber meist verliere ich bei den Charakteren in Filmen oder B\u00fcchern schon bei mehr als 6 Personen den \u00dcberblick. F\u00fcr die unter euch, denen das genau so geht oder die, die einfach nur mal sehen wollen mit wem ich hier so zu tun habe hier eine kleine Auflistung.<br \/>\n(Leider habe ich noch nicht von allen sch\u00f6ne Bilder\u2026 Die Krankheit \u201eIch-bin-nicht-fotogenia\u201c ist hier irgendwie genau so verbreitet wie in Deutschland.)<\/p>\n<p>Felix:<br \/>\n<a href=\"http:\/\/birgits-blog.net\/wp-content\/uploads\/2011\/11\/Der-Felix-mit-einer-Kakao-Frucht.jpg\"><img loading=\"lazy\" src=\"http:\/\/birgits-blog.net\/wp-content\/uploads\/2011\/11\/Der-Felix-mit-einer-Kakao-Frucht-207x300.jpg\" alt=\"\" title=\"Der Felix (mit einer Kakao-Frucht)\" width=\"207\" height=\"300\" class=\"aligncenter size-medium wp-image-282\" srcset=\"http:\/\/birgits-blog.net\/wp-content\/uploads\/2011\/11\/Der-Felix-mit-einer-Kakao-Frucht-207x300.jpg 207w, http:\/\/birgits-blog.net\/wp-content\/uploads\/2011\/11\/Der-Felix-mit-einer-Kakao-Frucht.jpg 414w\" sizes=\"(max-width: 207px) 100vw, 207px\" \/><\/a><br \/>\nDer andere, der das Gl\u00fcck hatte f\u00fcr dieses Projekt ausgew\u00e4hlt zu werden und mit dem ich nun hier lebe. Ich gebe einfach mal zu, dass es anfangs trotz augenscheinlich vieler Gemeinsamkeiten (man schau sich nur mal seine Haare an) f\u00fcr uns beide wohl nicht gerade leicht war, sich an den anderen als Wohnpartner zu gew\u00f6hnen. Nach vielen intensiven Gespr\u00e4chen und kennenlernen der Denkweisen des anderen hat es dann aber doch irgendwann geklappt und nun sind wir ein gutes Team. Zumindest sehe ich das so. Ich lerne viel von ihm, vor allem wohl \u00fcber das Zusammenleben und unsere etwas chaotischen philosophischen Diskussionen sind auch immer ziemlich spannend.<br \/>\nIch weiss nicht, wie es ihm geht, aber f\u00fcr mich ist er ein wichter Teil meines Auslandsjahres und tr\u00e4gt viel zu meinen Erfahrungen hier bei.<\/p>\n<p>Hermann:<br \/>\n<a href=\"http:\/\/birgits-blog.net\/wp-content\/uploads\/2011\/11\/Hermann.jpg\"><img loading=\"lazy\" src=\"http:\/\/birgits-blog.net\/wp-content\/uploads\/2011\/11\/Hermann-262x300.jpg\" alt=\"\" title=\"Hermann\" width=\"262\" height=\"300\" class=\"aligncenter size-medium wp-image-285\" srcset=\"http:\/\/birgits-blog.net\/wp-content\/uploads\/2011\/11\/Hermann-262x300.jpg 262w, http:\/\/birgits-blog.net\/wp-content\/uploads\/2011\/11\/Hermann.jpg 598w\" sizes=\"(max-width: 262px) 100vw, 262px\" \/><\/a><br \/>\nDer Per\u00faverantwortliche vom Welthaus Bielefeld, unserer Entsendeorganisation. Er war vor der Pensionierung Lehrer und hat ein paar Jahre an peruanischen und bolivianischen Schulen als Schulleiter gearbeitet. Bei den Vorbereitungsseminaren wusste er uns so einiges zu erz\u00e4hlen und auch in unserem Projekt hat er uns bei der Ankunft einige Tage begleitet. Seit dem hat das dritte Zimmer hier, das f\u00fcr G\u00e4ste gedacht ist, irgendwie den festen Namen \u201eHermanns Zimmer\u201c.<\/p>\n<p>Luis Farfan:<br \/>\n<a href=\"http:\/\/birgits-blog.net\/wp-content\/uploads\/2011\/11\/Der-Luis-mit-einer-Paranusskapsel.jpg\"><img loading=\"lazy\" src=\"http:\/\/birgits-blog.net\/wp-content\/uploads\/2011\/11\/Der-Luis-mit-einer-Paranusskapsel-221x300.jpg\" alt=\"\" title=\"Der Luis (mit einer Paranusskapsel)\" width=\"221\" height=\"300\" class=\"aligncenter size-medium wp-image-286\" srcset=\"http:\/\/birgits-blog.net\/wp-content\/uploads\/2011\/11\/Der-Luis-mit-einer-Paranusskapsel-221x300.jpg 221w, http:\/\/birgits-blog.net\/wp-content\/uploads\/2011\/11\/Der-Luis-mit-einer-Paranusskapsel.jpg 459w\" sizes=\"(max-width: 221px) 100vw, 221px\" \/><\/a><br \/>\nDer Vorsitzende des \u00d6kozentrums, der mit seiner Familie auch auf dem Gel\u00e4nde wohnt. Seine Familie, das hei\u00dft seine Frau Letizia, die allerdings sehr verschwiegen ist, weswegen wir mit ihr kaum etwas zu tun haben, und der etwa 1 \u00bd Jahre alte Wonneproppen Mathias.<br \/>\nLuis ist ein richtiger Macher, der irgendwie alles kann von Felder bearbeiten \u00fcber Rohre verlegen bis hin zu H\u00e4user bauen. Er hilft uns immer, wenn zu unserem Gl\u00fcck in unserem kleinen H\u00e4uschen was fehlt, z.B. Stromkabel f\u00fcr Licht und Steckdosen oder etwas gegen Fl\u00f6he\u2026<\/p>\n<p>Don Pedro Casanova:<br \/>\n<a href=\"http:\/\/birgits-blog.net\/wp-content\/uploads\/2011\/11\/Don-Pedro-Casanova.jpg\"><img loading=\"lazy\" src=\"http:\/\/birgits-blog.net\/wp-content\/uploads\/2011\/11\/Don-Pedro-Casanova-225x300.jpg\" alt=\"\" title=\"Don Pedro (Casanova) mit Aj\u00ed Dulce\" width=\"225\" height=\"300\" class=\"aligncenter size-medium wp-image-289\" srcset=\"http:\/\/birgits-blog.net\/wp-content\/uploads\/2011\/11\/Don-Pedro-Casanova-225x300.jpg 225w, http:\/\/birgits-blog.net\/wp-content\/uploads\/2011\/11\/Don-Pedro-Casanova-768x1024.jpg 768w\" sizes=\"(max-width: 225px) 100vw, 225px\" \/><\/a><br \/>\nDer fr\u00fchere Vorsitzende des \u00d6kozentrums und Besitzer einer Chacra ganz in der N\u00e4he. Wir helfen ihm manchmal beim Ernten oder Unkraut j\u00e4ten, daf\u00fcr erz\u00e4hlt er uns viel \u00fcber \u00f6kologische Landwirtschaft und schenkt uns Pflanzen f\u00fcr unsere Huerta, unseren Gem\u00fcsegarten.<\/p>\n<p>Clara Casanova:<br \/>\n<a href=\"http:\/\/birgits-blog.net\/wp-content\/uploads\/2011\/11\/Clara-Casanova-mit-dem-Entsafter.jpg\"><img loading=\"lazy\" src=\"http:\/\/birgits-blog.net\/wp-content\/uploads\/2011\/11\/Clara-Casanova-mit-dem-Entsafter-300x250.jpg\" alt=\"\" title=\"Clara Casanova (mit dem Entsafter)\" width=\"300\" height=\"250\" class=\"aligncenter size-medium wp-image-281\" srcset=\"http:\/\/birgits-blog.net\/wp-content\/uploads\/2011\/11\/Clara-Casanova-mit-dem-Entsafter-300x250.jpg 300w, http:\/\/birgits-blog.net\/wp-content\/uploads\/2011\/11\/Clara-Casanova-mit-dem-Entsafter.jpg 764w\" sizes=\"(max-width: 300px) 100vw, 300px\" \/><\/a><br \/>\nDie Tochter von Don Pedro. Sie studiert etwas, was mit Verarbeitung von Feldfr\u00fcchten zu tun hat und dessen Namen ich leider st\u00e4ndig wieder vergesse. Da ist es nat\u00fcrlich nahe liegend, dass sie sich im \u00d6kozentrum um die Verarbeitung heimischer Produkte k\u00fcmmert. Tja und wir helfen ihr dann meist dabei und zupfen die St\u00e4ngel vom Aj\u00ed oder mahlen Cupuaz\u00fa-Kerne.<\/p>\n<p>Rafo (Rafael):<br \/>\nDer Freund von Clara. Er kommt urspr\u00fcnglich aus Lima und wohnt erst seit kurzem hier. Anfangs war er oft dabei, als wir in der K\u00fcche arbeiteten, aber nun hat er einen festen Job bei einer Bank.<\/p>\n<p><strong>Die Efrains oder besser: Die Potsiwa-Familie<\/strong><br \/>\nDas ist die Truppe, die eine f\u00fcr peruanische Verh\u00e4ltnisse sehr alternative, private Grundschule unterhalten und bei der wir ein paar Mal die Woche mit von der Partie sind.<\/p>\n<p>Marco:<br \/>\nEin sehr lieber, manchmal etwas verpeilter Papa. Ich wei\u00df nicht, in wie weit man ihn als typischen Peruaner bezeichnen kann, aber f\u00fcr seine Mentalit\u00e4t trifft das auf jeden fall zu. Die musikalische Ader der Familie d\u00fcrfte wohl von ihm stammen, er ist ein absolutes Ass, das jedem Instrument innerhalb weniger Minuten sch\u00f6ne T\u00f6ne entlocken kann.<br \/>\nIn der kleinen Familienband namens \u201eEfecto Jungle\u201c, die derzeitig jeden Freitag in einer Bar am Plaza de Amas jammt, spielt er den Bass.<\/p>\n<p>Gladys:<br \/>\nDie Mama. Sie ist beruflich Lehrerin und von ihr stammte wohl auch der Hauptansto\u00df zu der Grundschule. Laut ihr sind die Schulen in Per\u00fa nicht sehr gut aber daf\u00fcr sehr streng und lieblos. So hat sie sich mit Potsiwa den Traum von einer liebevollen und auf die F\u00e4higkeiten und Bed\u00fcrfnisse der Kinder abgestimmten Schule erf\u00fcllt.<\/p>\n<p>Gabriela:<br \/>\nDie zweit\u00e4lteste Tochter, die in der Schule die 6 bis 12-j\u00e4hrigen unterrichtet und eine super Lehrerin ist. Das konnten wir auch schon aus eigener Erfahrung lernen, weil sie ins hin und wieder Spanischunterricht gibt.<\/p>\n<p>Geraldine:<br \/>\nDie \u00c4lteste. Sie ist wegen ihrer Arbeit leider nicht oft zu Hause aber wenn sie da ist immer eine Bereicherung. Auf Veranstaltungen, wie dem Zelten mit der Schule oder Gigs der \u201eFamilienband\u201c macht sie meist ohne Ende Fotos oder Videos \u2013 wenn sie nicht gerade singt. Das kann sie n\u00e4mlich auch echt gut und so bereichert sie Efecto Jungle immer bei ein paar Liedern mit ihrer Frauenstimme.<\/p>\n<p>Paula: Das dritt\u00e4lteste Kind der Familie. Leider ebenfalls berufsbedingt st\u00e4ndig unterwegs aber immer sehr nett und f\u00fcr ein Gespr\u00e4ch zu haben. Sie hat etwas in Richtung Tourismus studiert und arbeitet als Reisef\u00fchrerin.<\/p>\n<p>Adriano: Das vierte Kind und der \u00e4lteste Bruder. Ein Capoeira-Genie, mehr kann man dazu nicht sagen. Er hat auch eine dicke Scheibe von der musikalischen Seite seines Papas bekommen und spielt abgesehen vom Schlagzeug in der Band auch noch Gitarre, Trommeln und die verschiedenen, teils sehr merkw\u00fcrdigen Instrumente, die beim Capoeira zum Einsatz kommen. Das ist nur das, wovon ich wei\u00df. Er studiert etwas in Richtung \u00d6kotourismus.<\/p>\n<p>Marquinho:<br \/>\nDer J\u00fcngste. Er spielt bei \u201eEfecto Jungle\u201c die erste Gitarre und macht mit seiner romantischen spanisches-Liebeslied-Stimme den gr\u00f6\u00dften Teil des Gesangs.<br \/>\nAu\u00dferdem ist er wie sein \u00e4lterer Bruder ziemlich gut im Capoeira.<br \/>\nEr hatte \u00fcbrigens das Gl\u00fcck, seine ganze schulische Laufbahn in Potsiwa zu verbringen, was man ihm echt anmerkt. Ich h\u00e4tte ihn bei seinem erwachsenen Auftreten nie f\u00fcr 17 gehalten! In der Schule viel mir mal zuf\u00e4llig eines seiner alten Schulhefte in die Hand, worin es um Atomgewichte, den Aufbau der DNS und Chromosomenverteilung bei der Fortpflanzung ging. Als er das schrieb war er 10 oder 11! Ich denke ich muss jetzt nicht noch erw\u00e4hnen, dass ich diese Sachen praktisch erst in der Oberstufe gemacht habe\u2026<\/p>\n<p>~+~<\/p>\n<p>Naif:<br \/>\n<a href=\"http:\/\/birgits-blog.net\/wp-content\/uploads\/2012\/01\/Juhu-Ein-Foto-von-Naif-e1327084249664.jpg\"><img loading=\"lazy\" src=\"http:\/\/birgits-blog.net\/wp-content\/uploads\/2012\/01\/Juhu-Ein-Foto-von-Naif-e1327084249664-225x300.jpg\" alt=\"\" title=\"Juhu! Ein nicht verwackeltes Foto von Naif\" width=\"225\" height=\"300\" class=\"aligncenter size-medium wp-image-364\" srcset=\"http:\/\/birgits-blog.net\/wp-content\/uploads\/2012\/01\/Juhu-Ein-Foto-von-Naif-e1327084249664-225x300.jpg 225w, http:\/\/birgits-blog.net\/wp-content\/uploads\/2012\/01\/Juhu-Ein-Foto-von-Naif-e1327084249664-768x1024.jpg 768w, http:\/\/birgits-blog.net\/wp-content\/uploads\/2012\/01\/Juhu-Ein-Foto-von-Naif-e1327084249664.jpg 1200w\" sizes=\"(max-width: 225px) 100vw, 225px\" \/><\/a><br \/>\nEigentlich unsere Deutsch-Sch\u00fclerin, der wir aber nur selten Unterricht geben. Meistens schauen wir einen Film, kochen etwas oder gehen raus. So ist sie die erste Freundin, die wir nicht \u00fcber unsere Arbeit kennen und sie ist wirklich eine Liebe.<\/p>\n<p>Nilo:<br \/>\n<a href=\"http:\/\/birgits-blog.net\/wp-content\/uploads\/2011\/11\/Nilo.jpg\"><img loading=\"lazy\" src=\"http:\/\/birgits-blog.net\/wp-content\/uploads\/2011\/11\/Nilo-300x225.jpg\" alt=\"\" title=\"Nilo\" width=\"300\" height=\"225\" class=\"aligncenter size-medium wp-image-299\" srcset=\"http:\/\/birgits-blog.net\/wp-content\/uploads\/2011\/11\/Nilo-300x225.jpg 300w, http:\/\/birgits-blog.net\/wp-content\/uploads\/2011\/11\/Nilo-1024x768.jpg 1024w, http:\/\/birgits-blog.net\/wp-content\/uploads\/2011\/11\/Nilo.jpg 1600w\" sizes=\"(max-width: 300px) 100vw, 300px\" \/><\/a><br \/>\nEin sehr liebensw\u00fcrdiger Typ, der gerne Fahrrad f\u00e4hrt, Reggae h\u00f6rt, Bob Marley mag und Polizist ist. Wir haben uns kennen gelernt, als ich mal verpeilt durch die Stadt lief und er pl\u00f6tzlich neben mir stand und fragte, ob er mich begleiten k\u00f6nne.<\/p>\n<p>Elvis (den eigentlich alle Ninja nennen):<br \/>\n<a href=\"http:\/\/birgits-blog.net\/wp-content\/uploads\/2012\/01\/Elvis-bei-was-wohl.jpg\"><img loading=\"lazy\" src=\"http:\/\/birgits-blog.net\/wp-content\/uploads\/2012\/01\/Elvis-bei-was-wohl-300x168.jpg\" alt=\"\" title=\"Elvis (bei was wohl)\" width=\"300\" height=\"168\" class=\"aligncenter size-medium wp-image-363\" srcset=\"http:\/\/birgits-blog.net\/wp-content\/uploads\/2012\/01\/Elvis-bei-was-wohl-300x168.jpg 300w, http:\/\/birgits-blog.net\/wp-content\/uploads\/2012\/01\/Elvis-bei-was-wohl-1024x576.jpg 1024w\" sizes=\"(max-width: 300px) 100vw, 300px\" \/><\/a><br \/>\nElvis ist mein Capoeiralehrer und mittlerweile auch Freund, mit dem ich recht viel Zeit verbringe. Da er n\u00e4mlich gar nicht so weit weg wohnt holt er mich meist zum Training ab. Er studiert das selbe wie Clara, dessen Namen ich schon wieder vergessen habe und liebt schwimmen. Er ist eine Ecke kleiner als ich, macht aber nix denn im Capo ist er riesig. Das ist wohl auch der Grund f\u00fcr seinen Spitznamen, den er von einem Capoeirameister bekommen hat. Dieser Sport ist sein Leben, viel mehr gibt es nicht zu sagen. <\/p>\n<p>Hugo (ein bisschen stellvertretend f\u00fcr die ganzen anderen lieben rumziehenden Schmuckverk\u00e4ufer, Malabaristas \u2013 Jongleure \u2013 und Musiker):<br \/>\n<a href=\"http:\/\/birgits-blog.net\/wp-content\/uploads\/2012\/01\/Hugo-beim-backen.jpg\"><img loading=\"lazy\" src=\"http:\/\/birgits-blog.net\/wp-content\/uploads\/2012\/01\/Hugo-beim-backen-300x225.jpg\" alt=\"\" title=\"Hugo (beim backen)\" width=\"300\" height=\"225\" class=\"aligncenter size-medium wp-image-365\" srcset=\"http:\/\/birgits-blog.net\/wp-content\/uploads\/2012\/01\/Hugo-beim-backen-300x225.jpg 300w, http:\/\/birgits-blog.net\/wp-content\/uploads\/2012\/01\/Hugo-beim-backen-1024x768.jpg 1024w\" sizes=\"(max-width: 300px) 100vw, 300px\" \/><\/a><br \/>\nTja auch wenn er wohl leider nicht mehr ewig hier in Puerto bleibt, irgendwie f\u00fchlt er sich schon fast wie Inventar an und ich hab ihn sehr gerne: Der argentinische Schmuckverk\u00e4ufer und \u00dcberlebensk\u00fcnstler Hugo. Von Ohringen \u00fcber Armb\u00e4nder bis hin zu Pfeifen kann man alles bei ihm erstehen, und zwar selbstgemacht. Und daf\u00fcr hat er echt ein Talent! Schon seit mehreren Jahren ist er in S\u00fcdamerika unterwegs und bleibt hier oder dort mal ein paar Wochen oder Monate. Und ausser ihm kommen und gehen in Puerto st\u00e4ndig noch viele andere schr\u00e4ge und interessante Personen. So auch die Malabaristas, die tats\u00e4chlich davon leben an roten Ampeln 25 Sekunden eine Show abzuziehen und dann von den anfahrenden Motorr\u00e4dern Kleingeld einzusacken. Und wie man h\u00f6rt leben die davon nicht einmal schlecht.<br \/>\nKennengelernt habe ich Hugo eines sch\u00f6nen Mittags auf dem Plaza, wo er in der Mitte unter dem T\u00fcrmchen sass und Schmuck machte und wir uns irgendwie anl\u00e4chelten.<br \/>\nSeither verbrachten Felix und ich schon viele Mittagspausen an einem schattigen Pl\u00e4tzchen auf dem Plaza, lernten B\u00e4nder kn\u00fcpfen, bogen Draht zu Nasenringen, Jonglieren, machten Musik oder besch\u00e4ftigten uns mit irgendeiner anderen h\u00fcbschen Zeitverschwendung. Manchmal f\u00fchle ich mich bei der bunten Truppe tats\u00e4chlich wie auf einem Mittelalermarkt. Vielleicht f\u00fchle ich mich deshalb so wohl dort \ud83d\ude42<br \/>\nEinmal kurz vor Weihnachten hat er uns sogar im Ecocentrum besucht und mit uns seine Lieblingspl\u00e4tzchen gebacken.<\/p>\n<p>Hm, jetzt komme ich mir ja doch ein bisschen wie in einer Soap vor (Oder eher noch: einer Online-Fanfic\u2026 Isa, du wei\u00dft was ich meine, oder? \ud83d\ude09<br \/>\nNaja, ich hoffe mal, dass das ein bisschen hilft.<\/p>\n","protected":false},"excerpt":{"rendered":"<p>Ich wei\u00df nicht, wie es euch geht, aber meist verliere ich bei den Charakteren in Filmen oder B\u00fcchern schon bei mehr als 6 Personen den \u00dcberblick. F\u00fcr die unter euch, denen das genau so geht oder die, die einfach nur mal sehen wollen mit wem ich hier so zu tun habe hier eine kleine Auflistung. [&hellip;]<\/p>\n","protected":false},"author":1,"featured_media":0,"parent":141,"menu_order":1,"comment_status":"open","ping_status":"open","template":"","meta":[],"_links":{"self":[{"href":"http:\/\/birgits-blog.net\/index.php?rest_route=\/wp\/v2\/pages\/283"}],"collection":[{"href":"http:\/\/birgits-blog.net\/index.php?rest_route=\/wp\/v2\/pages"}],"about":[{"href":"http:\/\/birgits-blog.net\/index.php?rest_route=\/wp\/v2\/types\/page"}],"author":[{"embeddable":true,"href":"http:\/\/birgits-blog.net\/index.php?rest_route=\/wp\/v2\/users\/1"}],"replies":[{"embeddable":true,"href":"http:\/\/birgits-blog.net\/index.php?rest_route=%2Fwp%2Fv2%2Fcomments&post=283"}],"version-history":[{"count":6,"href":"http:\/\/birgits-blog.net\/index.php?rest_route=\/wp\/v2\/pages\/283\/revisions"}],"predecessor-version":[{"id":307,"href":"http:\/\/birgits-blog.net\/index.php?rest_route=\/wp\/v2\/pages\/283\/revisions\/307"}],"up":[{"embeddable":true,"href":"http:\/\/birgits-blog.net\/index.php?rest_route=\/wp\/v2\/pages\/141"}],"wp:attachment":[{"href":"http:\/\/birgits-blog.net\/index.php?rest_route=%2Fwp%2Fv2%2Fmedia&parent=283"}],"curies":[{"name":"wp","href":"https:\/\/api.w.org\/{rel}","templated":true}]}}